{"id":10036671,"date":"2026-04-30T17:34:35","date_gmt":"2026-04-30T15:34:35","guid":{"rendered":"https:\/\/freieszenemuc.de\/?post_type=tribe_events&#038;p=50217"},"modified":"2026-04-30T17:44:54","modified_gmt":"2026-04-30T15:44:54","slug":"nirgendwo-gehts-so-zu-wie-auf-der-welt","status":"publish","type":"tribe_events","link":"https:\/\/freieszenemuc.de\/en\/event\/nirgendwo-gehts-so-zu-wie-auf-der-welt\/2026-06-06\/","title":{"rendered":"Nirgendwo geht\u2019s so zu wie auf der Welt!"},"content":{"rendered":"<p style=\"font-weight: 400\">Theater Apropos mixt in seiner neuen Produktion Texte von Karl Valentin bis Monty Phyton mit eigenen Einf\u00e4llen und Musik der Apropos-Band. Eine Collage voller Charme, Poesie, Witz und auch Melancholie.<\/p>\n<p style=\"font-weight: 400\">Ein sch\u00f6ner Tag, neun abenteuerliche Gestalten treffen auf einen Zirkus mit einer Artistin, die, vielleicht, ein ganzes Feuerwerk verschluckt.<br \/>\nUnd da klopft`s auch schon wieder.<br \/>\nWar\u00a0das jetzt gestern oder heute im dritten Stock?<br \/>\nAnscheinend ists ein Teppich,\u00a0der bearbeitet wird.<br \/>\nDie Expert:innen f\u00fcr das Absurde verharren auf einer Parkbank und entdecken einen Dampfer, oder etwa nicht?<br \/>\nUnd l\u00e4uft da nicht der Hund von Frau Brasch \u00fcber die Stra\u00dfe?<br \/>\nIrmchens Schirmchen tanzt, zwei clowneske Figuren treten auf und m\u00f6chten sich unterhalten. Damen, Leiterfabrikanten und Verwandlungsk\u00fcnstler:innen vergessen den Namen ihrer Nachbarin und suchen ihre Brillen. Aber sie h\u00f6ren niemals auf zu tr\u00e4umen. Leise, schlurfende Schritte sind zu h\u00f6ren und ganz zart kommt aus dem Radio, das Wunschkonzert. Der Vorhang f\u00e4llt, die Band spielt weiter ihre leisen T\u00f6ne. Und die Frage nach dem Gl\u00fcck, die bleibt mal wieder offen. Ja es ist ein sch\u00f6ner Tag hier an diesem Ort der Rendezvous zwischen Wunsch und Wirklichkeit, Sehnsucht und Hoffnung, \u2026.<\/p>\n<p style=\"font-weight: 400\"><strong>Nirgendwo geht\u2019s so zu wie hier!<\/strong><\/p>\n<p style=\"font-weight: 400\">Urauff\u00fchrung<br \/>\nDo 4. Juni 2026, 20 Uhr, TamS<br \/>\nWeitere Vorstellungen:<br \/>\nFreitag 5.6. \/ Samstag 6.6. \/ Mittwoch 10.6. \/ Donnerstag 11.6. \/ Samstag 13.6.<br \/>\njeweils 20 Uhr<\/p>\n<p style=\"font-weight: 400\">Dauer ca. 1 Stunde 20\u00a0Minuten ohne Pause<br \/>\nEintritt 20 Euro, erm\u00e4\u00dfigt 10 Euro<\/p>\n<p>Karten-Reservierung<br \/>\nTel. 089 34 58 90 oder <a href=\"mailto:tams@tamstheater.de\">tams@tamstheater.de<\/a><\/p>\n<p style=\"font-weight: 400\">TamS &#8211; Theater am Sozialamt<br \/>\nHaimhauserstrasse 13a, 80802 M\u00fcnchen<br \/>\n<a href=\"http:\/\/www.tamstheater.de\/\">www.tamstheater.de<\/a><\/p>\n<p style=\"font-weight: 400\">\n","protected":false},"excerpt":{"rendered":"<p>Theater Apropos wurde 1998 auf Initiative von Ariadne e.V. mit dem Ziel gegr\u00fcndet, einen Ort der Begegnung f\u00fcr Menschen mit und ohne psychische Beeintr\u00e4chtigung zu schaffen, an dem sie unter professioneller Leitung gemeinsam Theaterst\u00fccke erarbeiten. Unter der Leitung von Regisseur und Schauspieler Burchard Dabinnus entstand dieses Jahr die 14. Produktion des inklusiven Ensembles<\/p>\n","protected":false},"author":310,"featured_media":0,"template":"","meta":{"_acf_changed":false,"_et_pb_use_builder":"","_et_pb_old_content":"","_et_gb_content_width":"","_price":"","_stock":"","_tribe_ticket_header":"","_tribe_default_ticket_provider":"","_tribe_ticket_capacity":"0","_ticket_start_date":"","_ticket_end_date":"","_tribe_ticket_show_description":"","_tribe_ticket_show_not_going":false,"_tribe_ticket_use_global_stock":"","_tribe_ticket_global_stock_level":"","_global_stock_mode":"","_global_stock_cap":"","_tribe_rsvp_for_event":"","_tribe_ticket_going_count":"","_tribe_ticket_not_going_count":"","_tribe_tickets_list":"[]","_tribe_ticket_has_attendee_info_fields":false,"_tribe_events_status":"","_tribe_events_status_reason":"","_tribe_events_is_hybrid":"","_tribe_events_is_virtual":"","_tribe_events_virtual_video_source":"","_tribe_events_virtual_embed_video":"","_tribe_events_virtual_linked_button_text":"","_tribe_events_virtual_linked_button":"","_tribe_events_virtual_show_embed_at":"","_tribe_events_virtual_show_embed_to":[],"_tribe_events_virtual_show_on_event":"","_tribe_events_virtual_show_on_views":"","_tribe_events_virtual_url":"","footnotes":"","_tec_slr_enabled":"","_tec_slr_layout":""},"tags":[377,1022,1487,1486,1488,36],"tribe_events_cat":[1391,30],"class_list":["post-10036671","tribe_events","type-tribe_events","status-publish","hentry","tag-inklusion","tag-inklusiv","tag-karl-valentin","tag-mental-health","tag-monty-python","tag-theater","tribe_events_cat-freie-szene","tribe_events_cat-theater","cat_freie-szene","cat_theater","tribe-recurring-event","tribe-recurring-event-parent"],"acf":[],"ticketed":false,"_links":{"self":[{"href":"https:\/\/freieszenemuc.de\/en\/wp-json\/wp\/v2\/tribe_events\/10036671","targetHints":{"allow":["GET"]}}],"collection":[{"href":"https:\/\/freieszenemuc.de\/en\/wp-json\/wp\/v2\/tribe_events"}],"about":[{"href":"https:\/\/freieszenemuc.de\/en\/wp-json\/wp\/v2\/types\/tribe_events"}],"author":[{"embeddable":true,"href":"https:\/\/freieszenemuc.de\/en\/wp-json\/wp\/v2\/users\/310"}],"version-history":[{"count":0,"href":"https:\/\/freieszenemuc.de\/en\/wp-json\/wp\/v2\/tribe_events\/10036671\/revisions"}],"wp:attachment":[{"href":"https:\/\/freieszenemuc.de\/en\/wp-json\/wp\/v2\/media?parent=10036671"}],"wp:term":[{"taxonomy":"post_tag","embeddable":true,"href":"https:\/\/freieszenemuc.de\/en\/wp-json\/wp\/v2\/tags?post=10036671"},{"taxonomy":"tribe_events_cat","embeddable":true,"href":"https:\/\/freieszenemuc.de\/en\/wp-json\/wp\/v2\/tribe_events_cat?post=10036671"}],"curies":[{"name":"wp","href":"https:\/\/api.w.org\/{rel}","templated":true}]}}