{"id":10036676,"date":"2026-05-01T10:44:14","date_gmt":"2026-05-01T08:44:14","guid":{"rendered":"https:\/\/freieszenemuc.de\/?post_type=tribe_events&#038;p=50227"},"modified":"2026-05-01T10:46:15","modified_gmt":"2026-05-01T08:46:15","slug":"heimatkoerper","status":"publish","type":"tribe_events","link":"https:\/\/freieszenemuc.de\/en\/event\/heimatkoerper\/2026-06-13\/","title":{"rendered":"HEIMATK\u00d6RPER &#8211; Sascha Paar"},"content":{"rendered":"<p>Heimat: Ein Konstrukt aus Erinnerungen, Zuschreibungen und Projektionen. Eine Idee, irgendwo zwischen der Fantasie von Zugeh\u00f6rigkeit und rechtem Kampfbegriff zur Abgrenzung, Ausgrenzung und Normierung.<\/p>\n<p>In\u00a0<em>Heimatk\u00f6rper<\/em>\u00a0erscheint Heimat als Geflecht aus \u00dcberlagerungen. Als K\u00f6rper aus Erfahrungen. Als Archiv aus Stimmen. Hier trifft das Nachkriegskind, der T\u00e4nzer Karl Reinisch, auf seinen jungen Kollegen Sascha Paar. Beiden sind ihre Rollen abhanden gekommen: Der eine beendete gerade seine aktive Laufbahn als T\u00e4nzer, der andere hat sein Lebenswerk, die Grazer Ballettschule geschlossen. Was bleibt? Ein Ich ohne Etikett, ein K\u00f6rper ohne Richtung? Der B\u00fchnenraum wird zum Erinnerungsfeld, ein Terrain f\u00fcr zwei K\u00f6rper mit all ihren Pr\u00e4gungen, Widerspr\u00fcchen, Zuschreibungen, die langsam und tastend freigelegt werden. Texte erz\u00e4hlen von Erinnerungen, schreiben sich in die K\u00f6rper ein und werden befragt auf ihren emotionalen, politischen und k\u00f6rperlichen Gehalt. So entsteht zwischen Ernst und Komik ein Archiv zweier Leben, eine Br\u00fccke zwischen den Generationen.<\/p>\n<p>Den Sound zu\u00a0<em>Heimatk\u00f6rper<\/em>\u00a0steuert die \u00f6sterreichische K\u00fcnstlerin Ronja Klug bei. Aus Bildern und Texten der Performer entwickelt sie klangliche Atmosph\u00e4ren, die zusammen mit Field Recordings \u2013 akustische Spuren von f\u00fcr Paar und Reinisch biografisch wichtigen Orten \u2013 in die Komposition einflie\u00dfen.<\/p>\n<p><em>\u00a0<\/em>Das Tanzprojekt\u00a0<em>Heimatk\u00f6rper<\/em>\u00a0gibt keine Antworten. Es \u00f6ffnet Spannungsr\u00e4ume. Es fragt, was bleibt, wenn Zuschreibungen br\u00fcchig werden \u2013 und was entsteht, wenn zwei K\u00f6rper mit 50 Jahren Altersunterschied einander begegnen.<\/p>\n<p>Dauer \/\u00a0<em>Duration<\/em>: ca. 60 Min<br \/>\nSprache \/\u00a0<em>Language<\/em>: Deutsch \/\u00a0<em>German<\/em><\/p>\n<p>Am 13.6. findet der bgeleitende\u00a0<strong>Workshop<\/strong>\u00a0<a href=\"https:\/\/theater-hochx.de\/veranstaltung\/heimatkoerper-in-bewegung\/\"><em>Heimatk\u00f6rper in Bewegung<\/em><\/a>\u00a0mit Sascha Paar statt \u2013 mehr Infos\u00a0<a href=\"https:\/\/theater-hochx.de\/veranstaltung\/heimatkoerper-in-bewegung\/\">hier<\/a>\u00a0\/<em>On 13 June, the accompanying\u00a0<\/em>workshop\u00a0<a href=\"https:\/\/theater-hochx.de\/veranstaltung\/heimatkoerper-in-bewegung\/\">Heimatk\u00f6rper in Bewegung<\/a><em>\u00a0with Sascha Paar will take place \u2013 more information\u00a0<a href=\"https:\/\/theater-hochx.de\/veranstaltung\/heimatkoerper-in-bewegung\/\">here<\/a>.<\/em><\/p>\n<p><strong>Hinweis f\u00fcr Allergiker*innen<\/strong>: Das B\u00fchnenbild besteht zu gro\u00dfen Teilen aus Stroh \/\u00a0<em><strong>Note for people with allergies<\/strong>: The stage set consists largely of straw.<\/em><\/p>\n<hr \/>\n<p><em>Home: A construct of memories, attributions, and projections. An idea, somewhere between the fantasy of belonging and a right-wing battle cry for demarcation, exclusion, and standardization.<\/em><\/p>\n<p><em>In\u00a0<\/em>Heimatk\u00f6rper<em>, home appears as a web of overlaps. As a body of experiences. As an archive of voices. Here, the postwar child, the dancer Karl Reinisch, meets his young colleague Sascha Paar. Both have lost their roles: one has just ended his active career as a dancer; the other has closed his life\u2019s work, the Graz Ballet School. What remains? A self without a label, a body without direction? The stage space becomes a field of memory, a terrain for two bodies with all their imprints, contradictions, and attributions, which are slowly and tentatively laid bare. Texts recount memories, inscribe themselves into the bodies, and are interrogated regarding their emotional, political, and physical content. Thus, between serious and comical, an archive of two lives emerges, a bridge between generations.<\/em><\/p>\n<p><em>The sound for\u00a0<\/em>Heimatk\u00f6rper\u00a0<em>is contributed by the Austrian artist Ronja Klug. Using images and texts from the performers, she develops sonic atmospheres that, together with field recordings\u2014acoustic traces of places biographically significant to Paar and Reinisch\u2014flow into the composition.<\/em><\/p>\n<p>Heimatk\u00f6rper<em>\u00a0offers no answers. It opens up spaces of tension. It asks what remains when attributions crumble\u2014and what emerges when two bodies with a 50-year age difference encounter one another.<\/em><\/p>\n<p>Gef\u00f6rdert durch das Kulturreferat der Landeshauptstadt M\u00fcnchen, den BLZT \u2013 Bayerischer Landesverband f\u00fcr zeitgen\u00f6ssischen Tanz. Unterst\u00fctzt durch HochX Theater &amp; Live Art, STEFFEN SCHRAUT, das \u00d6sterreichisches Generalkonsulat M\u00fcnchen und Tanztendenz M\u00fcnchen e.V. Besonderer Dank an Mag. Margret Hausegger und Tanz- Graz. Unterst\u00fctzung K\u00fcnstlerische Produktionsleitung Rat &amp; Tat Kulturb\u00fcro sowie Treibstoff | Kost\u00fcmfundus.<\/p>\n","protected":false},"excerpt":{"rendered":"<p>Heimat: Ein Konstrukt aus Erinnerungen, Zuschreibungen und Projektionen. Eine Idee, irgendwo zwischen der Fantasie von Zugeh\u00f6rigkeit und rechtem Kampfbegriff zur Abgrenzung, Ausgrenzung und Normierung. In\u00a0Heimatk\u00f6rper\u00a0erscheint Heimat als Geflecht aus \u00dcberlagerungen. [&hellip;]<\/p>\n","protected":false},"author":325,"featured_media":50228,"template":"","meta":{"_acf_changed":false,"_et_pb_use_builder":"","_et_pb_old_content":"","_et_gb_content_width":"","_price":"","_stock":"","_tribe_ticket_header":"","_tribe_default_ticket_provider":"","_tribe_ticket_capacity":"0","_ticket_start_date":"","_ticket_end_date":"","_tribe_ticket_show_description":"","_tribe_ticket_show_not_going":false,"_tribe_ticket_use_global_stock":"","_tribe_ticket_global_stock_level":"","_global_stock_mode":"","_global_stock_cap":"","_tribe_rsvp_for_event":"","_tribe_ticket_going_count":"","_tribe_ticket_not_going_count":"","_tribe_tickets_list":"[]","_tribe_ticket_has_attendee_info_fields":false,"_tribe_events_status":"","_tribe_events_status_reason":"","_tribe_events_is_hybrid":"","_tribe_events_is_virtual":"","_tribe_events_virtual_video_source":"","_tribe_events_virtual_embed_video":"","_tribe_events_virtual_linked_button_text":"","_tribe_events_virtual_linked_button":"","_tribe_events_virtual_show_embed_at":"","_tribe_events_virtual_show_embed_to":[],"_tribe_events_virtual_show_on_event":"","_tribe_events_virtual_show_on_views":"","_tribe_events_virtual_url":"","footnotes":"","_tec_slr_enabled":"","_tec_slr_layout":""},"tags":[],"tribe_events_cat":[33,32,30],"class_list":["post-10036676","tribe_events","type-tribe_events","status-publish","has-post-thumbnail","hentry","tribe_events_cat-performance","tribe_events_cat-tanz","tribe_events_cat-theater","cat_performance","cat_tanz","cat_theater","tribe-recurring-event","tribe-recurring-event-parent"],"acf":[],"ticketed":false,"_links":{"self":[{"href":"https:\/\/freieszenemuc.de\/en\/wp-json\/wp\/v2\/tribe_events\/10036676","targetHints":{"allow":["GET"]}}],"collection":[{"href":"https:\/\/freieszenemuc.de\/en\/wp-json\/wp\/v2\/tribe_events"}],"about":[{"href":"https:\/\/freieszenemuc.de\/en\/wp-json\/wp\/v2\/types\/tribe_events"}],"author":[{"embeddable":true,"href":"https:\/\/freieszenemuc.de\/en\/wp-json\/wp\/v2\/users\/325"}],"version-history":[{"count":0,"href":"https:\/\/freieszenemuc.de\/en\/wp-json\/wp\/v2\/tribe_events\/10036676\/revisions"}],"wp:featuredmedia":[{"embeddable":true,"href":"https:\/\/freieszenemuc.de\/en\/wp-json\/wp\/v2\/media\/50228"}],"wp:attachment":[{"href":"https:\/\/freieszenemuc.de\/en\/wp-json\/wp\/v2\/media?parent=10036676"}],"wp:term":[{"taxonomy":"post_tag","embeddable":true,"href":"https:\/\/freieszenemuc.de\/en\/wp-json\/wp\/v2\/tags?post=10036676"},{"taxonomy":"tribe_events_cat","embeddable":true,"href":"https:\/\/freieszenemuc.de\/en\/wp-json\/wp\/v2\/tribe_events_cat?post=10036676"}],"curies":[{"name":"wp","href":"https:\/\/api.w.org\/{rel}","templated":true}]}}