{"id":10038107,"date":"2026-09-02T14:10:33","date_gmt":"2026-09-02T12:10:33","guid":{"rendered":"https:\/\/freieszenemuc.de\/?post_type=tribe_events&#038;p=51860"},"modified":"2026-09-02T14:10:33","modified_gmt":"2026-09-02T12:10:33","slug":"zweifrauentanzen-faust-auf-die-fresse","status":"publish","type":"tribe_events","link":"https:\/\/freieszenemuc.de\/en\/event\/zweifrauentanzen-faust-auf-die-fresse\/2026-10-02\/","title":{"rendered":"zweifrauentanzen: Faust auf die Fresse"},"content":{"rendered":"<div class=\"mtext\">\n<h1 class=\"eyeAtext\" data-w=\"850.0\" data-originalfontsize=\"23\" data-originallineheight=\"27\"><strong>Faust auf die Fresse<\/strong><\/h1>\n<h2 class=\"eyeAtext\" data-w=\"850.0\" data-originalfontsize=\"20\" data-originallineheight=\"23\"><strong>Ein feministisches Sportfestival \u00a0<\/strong><\/h2>\n<h3 class=\"eyeAtext\" data-w=\"850.0\" data-originalfontsize=\"18\" data-originallineheight=\"21\">von zweifrauentanzen<\/h3>\n<p class=\"eyeAtP eyeAtext\" data-w=\"850.0\" data-originalfontsize=\"16\" data-originallineheight=\"20\">Vom 01. bis 03. Oktober 2026 verwandelt das K\u00fcnstlerinnenkollektiv\u00a0<em class=\"eyeAtext\" data-w=\"126.2\" data-originalfontsize=\"16\" data-originallineheight=\"20\">zweifrauentanzen<\/em>\u00a0M\u00fcnchen in einen Schauplatz f\u00fcr\u00a0<em class=\"eyeAtext\" data-w=\"120.5\" data-originalfontsize=\"13.2231\" data-originallineheight=\"20\">Faust auf die Fresse<\/em>, ein feministisches Festival, das sportlichen Wettkampf und Theater zusammenbringt.<\/p>\n<p class=\"eyeAtext\" data-w=\"850.0\" data-originalfontsize=\"16\" data-originallineheight=\"20\">Ausgangspunkt ist der Kanon: jene meist m\u00e4nnlich gepr\u00e4gten Geschichten aus Literatur, Theater und bildender Kunst. Ihnen stellen sich Schauspielerinnen, Athletinnen und Publikum f\u00fcr ein lose an Olympia angelehntes Wochenende entgegen, bei dem mythologische, fiktionale und reale Figuren des Patriarchats zum sportlichen Gegner werden.<\/p>\n<p class=\"eyeAtext\" data-w=\"850.0\" data-originalfontsize=\"16\" data-originallineheight=\"20\">Grundlage der Wettk\u00e4mpfe sind eigens entwickelte Theatertexte \u00fcber K\u00f6rperlichkeit, die sich mit feministischer Geschichte und kontempor\u00e4ren Diskursen zu Macht und Geschlecht auseinandersetzen. An die Stelle klassischer Siegererz\u00e4hlungen tritt die Frage, wie Kommunikation, Intuition und Empathie neue Formen des Gewinnens erm\u00f6glichen und wir uns besser verb\u00fcnden k\u00f6nnen.<\/p>\n<p class=\"eyeAtext\" data-w=\"850.0\" data-originalfontsize=\"16\" data-originallineheight=\"20\">Das Programm reicht vom Workshop und einer immersiven Er\u00f6ffnungszeremonie im PATHOS theater \u00fcber Cycling Sessions bis zum Faust-Wettkampf im Boxwerk und immersiver Stadtf\u00fchlung.<\/p>\n<p class=\"eyeAtext\" data-w=\"850.0\" data-originalfontsize=\"16\" data-originallineheight=\"20\">Abschluss am 03. Oktober ist die After-Sport-Party im Bahnw\u00e4rter Thiel. Immer mit dabei ist die Live-Berichterstattung des Festivalteams, die auf der Website im Oktober als Live-Ticker verfolgt werden kann.<\/p>\n<h3 class=\"eyeAtP eyeAtext\" data-w=\"850.0\" data-originalfontsize=\"16\" data-originallineheight=\"20\"><strong class=\"eyeAtext\" data-w=\"760.5\" data-originalfontsize=\"16\" data-originallineheight=\"20\">Das PATHOS theater hostet die ersten beiden Events. Das vollst\u00e4ndige Programm ist\u00a0<span style=\"text-decoration: underline\"><a class=\"eyeAtP\" href=\"https:\/\/www.faustaufdiefresse.de\/tickets\" target=\"_blank\" rel=\"noopener\"><span class=\"eyeAtext\" data-w=\"38.2\" data-originalfontsize=\"16\" data-originallineheight=\"20\">HIER<\/span><\/a><\/span>\u00a0zu finden.<\/strong><\/h3>\n<hr class=\"eyeAtext\" data-w=\"850.0\" data-originalfontsize=\"16\" data-originallineheight=\"20\" \/>\n<h2 class=\"eyeAtext\" data-w=\"850.0\" data-originalfontsize=\"20\" data-originallineheight=\"23\"><strong>01: Opening Ceremony\u00a0<\/strong><\/h2>\n<h3 class=\"eyeAtext\" data-w=\"850.0\" data-originalfontsize=\"18\" data-originallineheight=\"21\"><strong>Er\u00f6ffnungszeremonie \/ Wettkampf #tauziehen<\/strong><\/h3>\n<p class=\"eyeAtext\" data-w=\"850.0\" data-originalfontsize=\"16\" data-originallineheight=\"20\">Wir er\u00f6ffnen die ersten feministischen Sportspiele M\u00fcnchens und der Welt und ihr k\u00f6nnt live mit dabei sein, wie unsere Fackell\u00e4uferin buchst\u00e4blich aus dem Ei schl\u00fcpft! Der sportlicher Ausgangspunkt all unserer K\u00e4mpfe ist der Kanon: jene meist m\u00e4nnlich gepr\u00e4gten Geschichten aus Literatur, Theater und bildender Kunst. Ihnen stellen sich innerhalb von drei Tagen Schauspielerinnen, Athletinnen und Publikum entgegen, bei dem mythologische, fiktionale und reale Figuren des Patriarchats zum sportlichen Gegner werden. Im ersten Wettkampf stellt sich die Pr\u00e4sidentin unserer feministischen Spiele, Helene Weigel, im Tauziehen einem geifernden Mob. Wer gewinnt? Die Vielen oder die Eine? Und machen Sie mit? Jedenfalls tritt sie bei uns endg\u00fcltig aus dem Schatten ins Scheinwerferlicht und er\u00f6ffnet drei Tage sportlicher Wettk\u00e4mpfe.<\/p>\n<p class=\"eyeAtP eyeAtext\" data-w=\"850.0\" data-originalfontsize=\"16\" data-originallineheight=\"20\"><strong class=\"eyeAtext\" data-w=\"101.7\" data-originalfontsize=\"16\" data-originallineheight=\"20\">Es treten auf:<\/strong>\u00a0Matti Konfetti als L\u00e4uferin aus dem Ei, Kriemhild Hamann als Helene Weigel, Roland Schulz &amp; der Glockenbachchor<\/p>\n<p class=\"eyeAtP eyeAtext\" data-w=\"850.0\" data-originalfontsize=\"16\" data-originallineheight=\"20\"><strong class=\"eyeAtext\" data-w=\"61.1\" data-originalfontsize=\"16\" data-originallineheight=\"20\">Termin:\u00a0<\/strong>Do, 01.10. | 19:00<br \/>\n<strong class=\"eyeAtext\" data-w=\"24.9\" data-originalfontsize=\"13.2231\" data-originallineheight=\"20\">Ort:<\/strong>\u00a0PATHOS theater<br \/>\n<strong class=\"eyeAtext\" data-w=\"42.0\" data-originalfontsize=\"13.2231\" data-originallineheight=\"20\">Dauer:<\/strong>\u00a0 ca. 90 Min.<br \/>\n<strong class=\"eyeAtext\" data-w=\"62.5\" data-originalfontsize=\"13.2231\" data-originallineheight=\"20\">Sprache:\u00a0\u00a0<\/strong>Deutsch<br \/>\n<strong class=\"eyeAtext\" data-w=\"49.6\" data-originalfontsize=\"13.2231\" data-originallineheight=\"20\">Tickets:<\/strong>\u00a0<strong class=\"eyeAtext\" data-w=\"29.1\" data-originalfontsize=\"13.2231\" data-originallineheight=\"20\">40 \u20ac<\/strong>\u00a0Support-Ticket |\u00a0<strong class=\"eyeAtext\" data-w=\"27.8\" data-originalfontsize=\"13.2231\" data-originallineheight=\"20\">25 \u20ac<\/strong>\u00a0normal |\u00a0<strong class=\"eyeAtext\" data-w=\"25.8\" data-originalfontsize=\"13.2231\" data-originallineheight=\"20\">15 \u20ac<\/strong>\u00a0erm\u00e4\u00dfigt |\u00a0<strong class=\"eyeAtext\" data-w=\"30.0\" data-originalfontsize=\"13.2231\" data-originallineheight=\"20\">10 \u20ac\u00a0<\/strong>Mindestpreis |\u00a0<strong class=\"eyeAtext\" data-w=\"28.2\" data-originalfontsize=\"13.2231\" data-originallineheight=\"20\">28 \u20ac<\/strong>\u00a04er Abo<\/p>\n<p class=\"eyeAtP eyeAtext\" data-w=\"850.0\" data-originalfontsize=\"16\" data-originallineheight=\"20\"><strong class=\"eyeAtext\" data-w=\"385.9\" data-originalfontsize=\"16\" data-originallineheight=\"20\">Alle Preise beinhalten ein Klimafolgekostenticket.\u00a0<\/strong>Wird dieses nicht\u00a0gew\u00e4hlt, reduziert sich der Preis pro Karte um jeweils 2 \u20ac bzw. im 4er Abo um insgesamt 8 \u20ac. Informationen zum Klimafolgekosten-Ticket gibt es\u00a0<a class=\"eyeAtP\" href=\"https:\/\/www.pathos.theater\/Nachhaltigkeit.php\" target=\"_blank\" rel=\"noopener\"><strong class=\"eyeAtext\" data-w=\"30.1\" data-originalfontsize=\"16\" data-originallineheight=\"20\">hier<\/strong><\/a>.<\/p>\n<p class=\"eyeAtP eyeAtext\" data-w=\"850.0\" data-originalfontsize=\"16\" data-originallineheight=\"20\"><strong class=\"eyeAtP eyeAtext\" data-w=\"316.0\" data-originalfontsize=\"16\" data-originallineheight=\"20\">Das 4erAbo kannst du\u00a0<a class=\"eyeAtext\" href=\"https:\/\/t.rausgegangen.de\/tickets\/pathos-abo-2627\" target=\"_blank\" rel=\"noopener\" data-w=\"30.1\" data-originalfontsize=\"16\" data-originallineheight=\"20\">hier<\/a>\u00a0online kaufen.<\/strong>\u00a0Es ist nicht auf der selben Seite wie Einzeltickets erh\u00e4ltlich. Nach dem Kauf erh\u00e4ltst du zeitnah einen Code, den du vier mal im Ticket-Portal verwenden kannst, um eine Eintrittskarte zu erstehen.<\/p>\n<hr class=\"eyeAtext\" data-w=\"850.0\" data-originalfontsize=\"16\" data-originallineheight=\"20\" \/>\n<h2 class=\"eyeAtext\" data-w=\"850.0\" data-originalfontsize=\"20\" data-originallineheight=\"23\"><strong>02: Learn the Rules. Break the Rules.<\/strong><\/h2>\n<h3 class=\"eyeAtP eyeAtext\" data-w=\"850.0\" data-originalfontsize=\"18\" data-originallineheight=\"21\"><strong>Workshop\u00a0von Sophie Haydee Colindres Z\u00fchlke\u00a0\/ Wettkampf #tanzen\u00a0<\/strong><\/h3>\n<p class=\"eyeAtext\" data-w=\"850.0\" data-originalfontsize=\"16\" data-originallineheight=\"20\">Erst lernen wir die Regeln. Dann brechen wir sie. Wir lernen eine Choreografie und erforschen durch Improvisation, ob Einschr\u00e4nkungen unsere Kreativit\u00e4t killen \u2013 oder erst richtig in Gang bringen. Statt klassischer Siegererz\u00e4hlungen fragen wir, wie Kommunikation, Intuition und Empathie neue Formen des Gewinnens erm\u00f6glichen und wie wir uns besser verb\u00fcnden k\u00f6nnen. Tanzen, ausprobieren, umdenken und ein bisschen Regelbruch \u2013 f\u00fcr alle mit oder ohne Tanzerfahrung.<\/p>\n<p class=\"eyeAtP eyeAtext\" data-w=\"850.0\" data-originalfontsize=\"16\" data-originallineheight=\"20\"><strong class=\"eyeAtext\" data-w=\"57.1\" data-originalfontsize=\"16\" data-originallineheight=\"20\">Termin:<\/strong>\u00a0Fr, 02.10. | 11:00<br \/>\n<strong class=\"eyeAtext\" data-w=\"34.1\" data-originalfontsize=\"16\" data-originallineheight=\"20\">Ort:\u00a0<\/strong>PATHOS theater<br \/>\n<strong class=\"eyeAtext\" data-w=\"50.9\" data-originalfontsize=\"16\" data-originallineheight=\"20\">Dauer:<\/strong>\u00a0ca. 60 Min.<br \/>\n<strong class=\"eyeAtext\" data-w=\"62.5\" data-originalfontsize=\"13.2231\" data-originallineheight=\"20\">Sprache:\u00a0\u00a0<\/strong>Deutsch<br \/>\n<strong class=\"eyeAtext\" data-w=\"49.6\" data-originalfontsize=\"13.2231\" data-originallineheight=\"20\">Tickets:<\/strong>\u00a0<strong class=\"eyeAtext\" data-w=\"30.0\" data-originalfontsize=\"13.2231\" data-originallineheight=\"20\">10 \u20ac\u00a0<\/strong>Mindestpreis |\u00a0<strong class=\"eyeAtext\" data-w=\"20.4\" data-originalfontsize=\"13.2231\" data-originallineheight=\"20\">8 \u20ac<\/strong>\u00a0ohne Klimafolgekostenbeitrag<\/p>\n<hr class=\"eyeAtext\" data-w=\"850.0\" data-originalfontsize=\"16\" data-originallineheight=\"20\" \/>\n<p class=\"eyeAtP eyeAtext\" data-w=\"850.0\" data-originalfontsize=\"16\" data-originallineheight=\"20\"><strong class=\"eyeAtext\" data-w=\"89.5\" data-originalfontsize=\"16\" data-originallineheight=\"20\">Produktion\u00a0<\/strong>zweifrauentanzen<strong class=\"eyeAtP\"><strong class=\"eyeAtext\" data-w=\"62.2\" data-originalfontsize=\"16\" data-originallineheight=\"20\">\u00a0\u00a0| Regie\u00a0<\/strong><\/strong>Jenny von Reiche und Malin Kraus<strong class=\"eyeAtP\"><strong class=\"eyeAtext\" data-w=\"114.1\" data-originalfontsize=\"16\" data-originallineheight=\"20\">\u00a0| Kost\u00fcmmaler<\/strong><\/strong>\u00a0Gabor Barbulszki<strong class=\"eyeAtP\"><strong class=\"eyeAtext\" data-w=\"840.9\" data-originalfontsize=\"16\" data-originallineheight=\"20\">\u00a0\u00a0| Masken F<\/strong><\/strong>elix Loeffelholz von Colberg<strong class=\"eyeAtP\"><strong class=\"eyeAtext\" data-w=\"50.8\" data-originalfontsize=\"13.2231\" data-originallineheight=\"20\">\u00a0| Musik\u00a0<\/strong><\/strong>Alex Eickhoff<strong class=\"eyeAtP\"><strong class=\"eyeAtext\" data-w=\"77.5\" data-originalfontsize=\"13.2231\" data-originallineheight=\"20\">\u00a0| Marketing\u00a0<\/strong><\/strong>Leon Brugger\u00a0<strong class=\"eyeAtP\"><strong class=\"eyeAtext\" data-w=\"146.0\" data-originalfontsize=\"13.2231\" data-originallineheight=\"20\">\u00a0| Produktionsassistenz<\/strong><\/strong>\u00a0Nina Neparidze<strong class=\"eyeAtP\"><strong class=\"eyeAtext\" data-w=\"80.8\" data-originalfontsize=\"13.2231\" data-originallineheight=\"20\">\u00a0| \u00a0Fotografie\u00a0<\/strong><\/strong>Mona Shatry\u00a0<strong class=\"eyeAtP\"><strong class=\"eyeAtext\" data-w=\"48.6\" data-originalfontsize=\"13.2231\" data-originallineheight=\"20\">| Grafik\u00a0<\/strong><\/strong>Mara Weyel<\/p>\n<hr class=\"eyeAtext\" data-w=\"850.0\" data-originalfontsize=\"16\" data-originallineheight=\"20\" \/>\n<p class=\"eyeAtP eyeAtext\" data-w=\"850.0\" data-originalfontsize=\"16\" data-originallineheight=\"20\"><strong class=\"eyeAtext\" data-w=\"91.8\" data-originalfontsize=\"16\" data-originallineheight=\"20\">Malin Kraus<\/strong>\u00a0(sie\/ihr) (*2000 in Paderborn) ist als Regisseurin wie Journalistin in M\u00fcnchen t\u00e4tig und arbeitet am M\u00fcnchner Volkstheater als Regieassistentin (davor am Deutschen Schauspielhaus in Hamburg) sowie als freie Mitarbeiterin beim FREITAG und die junge B\u00fchne. Sie assistierte u.a. Stefan Kaegi (Rimini Protokoll), Lucia Bihler und Christine Umpfenbach, wodurch sie kontinuierlich ihr Interesse an Formsprachen und Dokumentarischem Theater erweitert hat. Malin Kraus hat ihren Master in Deutscher Literatur mit dem Schwerpunkt auf Gegenwartsdramatik und Zeitlichkeit im M\u00e4rz 2024 abgeschlossen an der HU Berlin und promoviert dort aktuell. F\u00fcr das Jahr 2024 erhielt sie mit Patricia St\u00f6vesand die Berliner Literaturfond-F\u00f6rderung f\u00fcr ihre Projektreihe Von der Seitenb\u00fchne &#8211; Sprechen und Schreiben \u00fcber (Um-) Br\u00fcche in Literatur und Theater, in der es um marginalisierte Perspektiven auf das Theater und den Literaturbetrieb ging. Von 2022-2023 war sie als Chefredakteurin der UnAufgefordert journalistisch t\u00e4tig. Sie war Mitglied der Redaktion bei Lothringer 13 in M\u00fcnchen \u00a0und ver\u00f6ffentlichte in der zweiten Ausgabe der Zines ihren Text zu Utopischem Feminismus \u2013 ihrem Forschungsschwerpunkt als Journalistin und K\u00fcnstlerin. 2025 deb\u00fctierte sie mit dem PRojekt \u201cDie H\u00e4uslichen\u201d am Lesi Theater in Lwiw [UA], es folgten die Inszenierungen \u201cLatexstudien I-IIII\u201d und \u201cDas wei\u00dfe Dorf in M\u00fcnchen\u201d.<\/p>\n<p class=\"eyeAtP eyeAtext\" data-w=\"850.0\" data-originalfontsize=\"16\" data-originallineheight=\"20\"><strong class=\"eyeAtext\" data-w=\"129.6\" data-originalfontsize=\"16\" data-originallineheight=\"20\">Jenny von Reiche<\/strong>\u00a0(sie\/ihr) (*1985 in Berlin) assistierte zwischen 2019 und 2023 am M\u00fcnchner Volkstheater u.a. bei Anna Marboe, Claudia Bossard und Mathias Spaan. In dieser Zeit leitete sie den Jugendklub und hat mit \u201cBahnw\u00e4rter Thiel im Bahnw\u00e4rter Thiel\u201d als Headwriter und Regisseurin ihre erste eigene Inszenierung erarbeitet. In dieser Zeit entwickelte sie ebenfalls die gescriptete Gameshow \u201c\u00dcber Spiele\u201d und den Theater-Podcast \u201cKantinengespr\u00e4che\u201d. F\u00fcr ihre Abschlussinszenierung \u201cJugend mit ohne Zukunft\u201d schrieb sie ebenfalls das St\u00fcck. Seit 2023 widmet sie sich vermehrt dem Schreiben und hat mit \u201cUnd t\u00e4glich gr\u00fc\u00dft\u201d ihren ersten Kurzgeschichtenband ver\u00f6ffentlicht. 2024 wurde sie f\u00fcr das Mentorship-Programm der freien Szene des M\u00fcnchner Theaterb\u00fcros ausgew\u00e4hlt und hat mit \u201cWOMB\u201d bei der ersten Ausstellung ihres Kollektivsworking girls im Rahmen des happy end hotels von broke.today eine immersive, installative Arbeit gezeigt. 2025 pr\u00e4mieren die von ihr entwickelten Stadtf\u00fchlungen &#8211; immersive, inszenierte Stadtf\u00fchrungen durch M\u00fcnchen.<\/p>\n<p class=\"eyeAtP eyeAtext\" data-w=\"850.0\" data-originalfontsize=\"16\" data-originallineheight=\"20\"><strong class=\"eyeAtext\" data-w=\"111.7\" data-originalfontsize=\"16\" data-originallineheight=\"20\">Matti Konfetti\u00a0<\/strong>ist eine Marathon-L\u00e4uferin der allerersten Stunde. Im alten Griechenland hat sie bereits die M\u00e4nner \u00fcberholt, r\u00fcckw\u00e4rts und lachend. Mit ihrer ekstatischen Energie und ihrem nie endenden Gemeinschaftssinn ist sie der franz\u00f6sischen Revolution vorangegangen und bei den Friedensm\u00e4rschen in San Francisco 1967 Hand in Hand mit ihren Br\u00fcdern und Schwestern gegangen. Lange lebte sie zur\u00fcckgezogen, schl\u00fcpft aber jetzt, rechtzeitig f\u00fcr unsere Revolution wieder aus dem Ei.<\/p>\n<p class=\"eyeAtP eyeAtext\" data-w=\"850.0\" data-originalfontsize=\"16\" data-originallineheight=\"20\"><strong class=\"eyeAtext\" data-w=\"143.4\" data-originalfontsize=\"16\" data-originallineheight=\"20\">Kriemhild Hamann<\/strong>, geboren 1997, ist Schauspielerin f\u00fcr B\u00fchne und Film, ausgebildet an der Hochschule f\u00fcr Musik und Theater Felix Mendelssohn Bartholdy Leipzig. Von 2020 bis 2024 war sie Ensemblemitglied am Staatsschauspiel Dresden, unter anderem unter der Regie von Frank Castorf und Sebastian Hartmann, seit 2025\/26 geh\u00f6rt sie zum Ensemble des Schauspiel Bern. Im Film war sie in Silvio Soldinis \u201eThe Tasters&#8221; zu sehen, der 2026 mit dem italienischen Filmpreis David di Donatello ausgezeichnet wurde, sowie in Produktionen mit Pawel Pawlikowski und Uisenma Borchu.<\/p>\n<p class=\"eyeAtP eyeAtext\" data-w=\"850.0\" data-originalfontsize=\"16\" data-originallineheight=\"20\"><strong class=\"eyeAtext\" data-w=\"240.3\" data-originalfontsize=\"16\" data-originallineheight=\"20\">Der Glockenbachchor M\u00fcnchen<\/strong>\u00a0wurde im Dezember 2010 gegr\u00fcndet und besteht heute aus \u00fcber 60 S\u00e4ngerinnen und S\u00e4ngern. Zum Repertoire geh\u00f6ren neben Pop- und Rocksongs auch klassische St\u00fccke und Volkslieder aus aller Welt \u2013 der Chor singt also nicht nur vielstimmig, sondern auch vielsprachig. Musikalischer Leiter ist Roland Schulz, der den Chor seit der Gr\u00fcndung leitet und selbst als Kind Mitglied des T\u00f6lzer Knabenchores war, mit dem er unter anderem bei den Salzburger Festspielen auftrat. Der Glockenbachchor versteht sich weniger als perfektionistischer Profichor, sondern als gro\u00dfe, bunte Familie, der das gemeinsame Singen und Musizieren vor allem eines ist: Freude.<\/p>\n<p class=\"eyeAtP eyeAtext\" data-w=\"850.0\" data-originalfontsize=\"16\" data-originallineheight=\"20\"><strong class=\"eyeAtext\" data-w=\"247.1\" data-originalfontsize=\"16\" data-originallineheight=\"20\">Sophie Haydee Colindres Z\u00fchlke<\/strong>\u00a0ist deutsch-honduranische Choreografin, T\u00e4nzerin und Kuratorin in M\u00fcnchen. Sie bewegt sich zwischen B\u00fchne, Community und Diskurs und schafft mit dem Format let*s talk, ihrem Kollektiv Kaleidoskop Dance Project und der w\u00f6chentlichen FLINTA* Freestyle Dance Session REINAS SESSION R\u00e4ume f\u00fcr Begegnung, Vielfalt und Empowerment.<\/p>\n<p class=\"eyeAtP eyeAtext\" data-w=\"850.0\" data-originalfontsize=\"16\" data-originallineheight=\"20\"><strong class=\"eyeAtext\" data-w=\"74.9\" data-originalfontsize=\"16\" data-originallineheight=\"20\">Gef\u00f6rdert<\/strong>\u00a0durch das Kulturreferat der Landeshauptstadt M\u00fcnchen.<\/p>\n<p class=\"eyeAtext\" data-w=\"850.0\" data-originalfontsize=\"16\" data-originallineheight=\"20\"><img loading=\"lazy\" decoding=\"async\" class=\"\" src=\"https:\/\/www.pathos.theater\/global\/bilder\/07_logos_extern\/LH_Muenchen_Kulturreferat.png?m=1753889763&amp;\" width=\"541\" height=\"134\" \/><\/p>\n<p class=\"eyeAtP eyeAtext\" data-w=\"850.0\" data-originalfontsize=\"16\" data-originallineheight=\"20\"><strong class=\"eyeAtext\" data-w=\"88.1\" data-originalfontsize=\"16\" data-originallineheight=\"20\">Unterst\u00fctzt<\/strong>\u00a0durch das Boxwerk M\u00fcnchen, den Bahnw\u00e4rter Thiel, das PATHOS theater und BlackBike M\u00fcnchen.<\/p>\n<p class=\"eyeAtext\" data-w=\"850.0\" data-originalfontsize=\"16\" data-originallineheight=\"20\"><img loading=\"lazy\" decoding=\"async\" class=\"\" src=\"https:\/\/www.pathos.theater\/global\/bilder\/07_logos_extern\/Boxwerk_Mu_nchen.png?m=1786265486&amp;\" width=\"75\" height=\"98\" \/>\u00a0 \u00a0<img loading=\"lazy\" decoding=\"async\" class=\"\" src=\"https:\/\/www.pathos.theater\/global\/bilder\/07_logos_extern\/Bahnwa_rter_Thiel.jpg?m=1786265485&amp;\" width=\"622\" height=\"96\" \/><\/p>\n<p class=\"eyeAtext\" data-w=\"850.0\" data-originalfontsize=\"16\" data-originallineheight=\"20\"><img loading=\"lazy\" decoding=\"async\" class=\"\" src=\"https:\/\/www.pathos.theater\/global\/bilder\/07_logos_extern\/PATHOS_einzeilig.png?m=1786266193&amp;\" width=\"502\" height=\"81\" \/><\/p>\n<p class=\"eyeAtP eyeAtext\" data-w=\"850.0\" data-originalfontsize=\"16\" data-originallineheight=\"20\"><strong class=\"eyeAtext\" data-w=\"114.6\" data-originalfontsize=\"16\" data-originallineheight=\"20\">Medienpartner<\/strong>\u00a0ist MUCBOOK.<\/p>\n<p class=\"eyeAtext\" data-w=\"850.0\" data-originalfontsize=\"16\" data-originallineheight=\"20\"><img loading=\"lazy\" decoding=\"async\" class=\"\" src=\"https:\/\/www.pathos.theater\/global\/bilder\/07_logos_extern\/Mucbook.jpeg?m=1786265587&amp;\" width=\"449\" height=\"64\" \/><\/p>\n<p class=\"eyeAtP eyeAtext\" data-w=\"850.0\" data-originalfontsize=\"16\" data-originallineheight=\"20\"><strong class=\"eyeAtext\" data-w=\"153.4\" data-originalfontsize=\"16\" data-originallineheight=\"20\">Eine Produktion von<\/strong>\u00a0zweifrauentanzen.<\/p>\n<p class=\"eyeAtext\" data-w=\"850.0\" data-originalfontsize=\"16\" data-originallineheight=\"20\"><img decoding=\"async\" src=\"https:\/\/www.pathos.theater\/global\/bilder\/07_logos_extern\/zweifrauentanzen_logo_schwarz_transparent.png?m=1786266083&amp;\" \/><\/p>\n<\/div>\n","protected":false},"excerpt":{"rendered":"<p>Faust auf die Fresse Ein feministisches Sportfestival \u00a0 von zweifrauentanzen Vom 01. bis 03. Oktober 2026 verwandelt das K\u00fcnstlerinnenkollektiv\u00a0zweifrauentanzen\u00a0M\u00fcnchen in einen Schauplatz f\u00fcr\u00a0Faust auf die Fresse, ein feministisches Festival, das [&hellip;]<\/p>\n","protected":false},"author":152,"featured_media":51861,"template":"","meta":{"_acf_changed":false,"_et_pb_use_builder":"","_et_pb_old_content":"","_et_gb_content_width":"","_price":"","_stock":"","_tribe_ticket_header":"","_tribe_default_ticket_provider":"","_tribe_ticket_capacity":"0","_ticket_start_date":"","_ticket_end_date":"","_tribe_ticket_show_description":"","_tribe_ticket_show_not_going":false,"_tribe_ticket_use_global_stock":"","_tribe_ticket_global_stock_level":"","_global_stock_mode":"","_global_stock_cap":"","_tribe_rsvp_for_event":"","_tribe_ticket_going_count":"","_tribe_ticket_not_going_count":"","_tribe_tickets_list":"[]","_tribe_ticket_has_attendee_info_fields":false,"_tribe_events_status":"","_tribe_events_status_reason":"","_tribe_events_is_hybrid":"","_tribe_events_is_virtual":"","_tribe_events_virtual_video_source":"","_tribe_events_virtual_embed_video":"","_tribe_events_virtual_linked_button_text":"","_tribe_events_virtual_linked_button":"","_tribe_events_virtual_show_embed_at":"","_tribe_events_virtual_show_embed_to":[],"_tribe_events_virtual_show_on_event":"","_tribe_events_virtual_show_on_views":"","_tribe_events_virtual_url":"","footnotes":"","_tec_slr_enabled":"","_tec_slr_layout":""},"tags":[],"event_hauptkategorie":[1504],"event_tag":[1582,1588,1589,1605],"tribe_events_cat":[1391,388,77,1170,33,30],"class_list":["post-10038107","tribe_events","type-tribe_events","status-publish","has-post-thumbnail","hentry","event_hauptkategorie-allgemein","event_tag-experimentell","event_tag-hybrid","event_tag-immersiv","event_tag-oeffentlicher-raum","tribe_events_cat-freie-szene","tribe_events_cat-jugendclub","tribe_events_cat-jugendtheater","tribe_events_cat-pathos-theater","tribe_events_cat-performance","tribe_events_cat-theater","cat_freie-szene","cat_jugendclub","cat_jugendtheater","cat_pathos-theater","cat_performance","cat_theater","tribe-recurring-event","tribe-recurring-event-parent"],"acf":[],"ticketed":false,"_links":{"self":[{"href":"https:\/\/freieszenemuc.de\/en\/wp-json\/wp\/v2\/tribe_events\/10038107","targetHints":{"allow":["GET"]}}],"collection":[{"href":"https:\/\/freieszenemuc.de\/en\/wp-json\/wp\/v2\/tribe_events"}],"about":[{"href":"https:\/\/freieszenemuc.de\/en\/wp-json\/wp\/v2\/types\/tribe_events"}],"author":[{"embeddable":true,"href":"https:\/\/freieszenemuc.de\/en\/wp-json\/wp\/v2\/users\/152"}],"version-history":[{"count":0,"href":"https:\/\/freieszenemuc.de\/en\/wp-json\/wp\/v2\/tribe_events\/10038107\/revisions"}],"wp:featuredmedia":[{"embeddable":true,"href":"https:\/\/freieszenemuc.de\/en\/wp-json\/wp\/v2\/media\/51861"}],"wp:attachment":[{"href":"https:\/\/freieszenemuc.de\/en\/wp-json\/wp\/v2\/media?parent=10038107"}],"wp:term":[{"taxonomy":"post_tag","embeddable":true,"href":"https:\/\/freieszenemuc.de\/en\/wp-json\/wp\/v2\/tags?post=10038107"},{"taxonomy":"event_hauptkategorie","embeddable":true,"href":"https:\/\/freieszenemuc.de\/en\/wp-json\/wp\/v2\/event_hauptkategorie?post=10038107"},{"taxonomy":"event_tag","embeddable":true,"href":"https:\/\/freieszenemuc.de\/en\/wp-json\/wp\/v2\/event_tag?post=10038107"},{"taxonomy":"tribe_events_cat","embeddable":true,"href":"https:\/\/freieszenemuc.de\/en\/wp-json\/wp\/v2\/tribe_events_cat?post=10038107"}],"curies":[{"name":"wp","href":"https:\/\/api.w.org\/{rel}","templated":true}]}}