{"id":50024,"date":"2026-04-09T13:07:26","date_gmt":"2026-04-09T11:07:26","guid":{"rendered":"https:\/\/freieszenemuc.de\/?post_type=tribe_events&#038;p=50024"},"modified":"2026-04-16T14:47:51","modified_gmt":"2026-04-16T12:47:51","slug":"ceren-oran-moving-borders-schoen-anders-4","status":"publish","type":"tribe_events","link":"https:\/\/freieszenemuc.de\/en\/event\/ceren-oran-moving-borders-schoen-anders-4\/","title":{"rendered":"Ceren Oran Moving Borders: Sch\u00f6n Anders + Session Nr. 7: Tanz &amp; junges Publikum"},"content":{"rendered":"<p>Gruppenverhalten pr\u00e4gt uns. Menschen sind Herdentiere, sie schu\u0308tzen und organisieren sich in Klassenverb\u00e4nden, Freizeitvereinen, in Staatengemeinschaften und Unionen. Was aber passiert, wenn der Einzelne die Gruppe verl\u00e4sst? Oder anders: Was, wenn das Individuum sich selbst erkennt und das auch leben m\u00f6chte? Ist es schutzlos dem Rest der Gruppe ausgesetzt, wenn es sich aus der Gruppe entfernt \u2013 auch wenn es ganz sch\u00f6n anders ist?<\/p>\n<p>Die Choreographin Ceren Oran setzt diese Fragen zusammen mit einem multikulturellen Team\u00a0<strong>t\u00e4nzerisch und musikalisch<\/strong>\u00a0um. F\u00fcnf Perfomer*innen und ein Musiker bringen ihre\u00a0<strong>eigenen Erfahrungen vom Anderssein und von Zugeh\u00f6rigkeit<\/strong>\u00a0in den Produktionsprozess ein. Sie begeben sich\u00a0<strong>spielerisch, humorvoll und ber\u00fchrend<\/strong> auf eine Forschungsreise in unterschiedliche Gef\u00fchlswelten. Das St\u00fcck richtet sich an alle ab 6 Jahren.<\/p>\n<p>K\u00fcnstlerische Leitung, Choreografie: Ceren Oran. Entstanden mit: Roni Sagi, Maria Casares Gonz\u00e1lez, Jin Lee, Jovana Zelenovi\u0107. Tanz: Roni Sagi, Azahara Sanz Jara, Rotem Weissman, Jovana Zelenovi\u0107, Ceren Oran Musik &amp; Komposition: Benny Omerzell Kost\u00fcm: Sigrid Wurzinger Licht: Dennis Dieter Kopp Dramaturgische Begleitung: Moos van den Broek K\u00fcnstlerische Produktionsleitung: Rat &amp; Tat Kulturb\u00fcro PR: Simone Schulte-Aladag &amp; Pfau PR<\/p>\n<p>Mit freundlicher Unterst\u00fctzung durch das\u00a0<strong>Kulturreferat der Landeshauptstadt M\u00fcnchen<\/strong>\u00a0und durch den\u00a0<strong>Bayerischen Landesverband<\/strong>\u00a0f\u00fcr zeitgen\u00f6ssischen Tanz aus Mitteln des Bayerischen Staatsministeriums f\u00fcr Bildung und Kultur, Wissenschaft und Kunst und den\u00a0<strong>Bezirk Oberbayern<\/strong>. Mit freundlicher Unterst\u00fctzung durch das\u00a0<strong>Tanzb\u00fcro M\u00fcnchen und Fokus Tanz<\/strong>. Ceren Oran ist Mitglied der\u00a0<strong>Tanztendenz M\u00fcnchen.<\/strong><\/p>\n<p><strong>Nach der Vorstellung um 19 Uhr<\/strong><\/p>\n<p><strong>Moving Borders Session Nr. 7: Tanz &amp; junges Publikum<\/strong><\/p>\n<p>Wer ist das \u201ejunge Publikum\u201c? Ist \u201eTanz f\u00fcr junges Publikum\u201c nur f\u00fcr eine bestimmte Altersgruppe gedacht? Wie definieren wir Zielgruppen innerhalb eines kreativen Prozesses? Welchen Platz nimmt Tanz f\u00fcr junges Publikum in der Hierarchie der darstellenden K\u00fcnste ein? Gibt es eine M\u00f6glichkeit, die Barriere zwischen Tanz f\u00fcr junges und f\u00fcr erwachsenes Publikum zu \u00fcberwinden? Was sind die Chancen und Herausforderungen bei der Entwicklung von Tanz f\u00fcr junges Publikum?<\/p>\n<p>Die 7. Moving Borders Session bringt international tourende Choreograf*innen und Explore Dance-K\u00fcnstler*innen wie Anna Konjetzky, Ceren Oran und Regina Rossi sowie Simone Schulte Alada\u011f, Gr\u00fcndungsmitglied des Explore Dance Network und von Fokus Tanz M\u00fcnchen, zusammen. Gemeinsam werden sie ihre Erfahrungen aus unterschiedlichen internationalen Perspektiven teilen und m\u00f6gliche Antworten auf diese Fragen er\u00f6rtern.<\/p>\n","protected":false},"excerpt":{"rendered":"<p>Gruppenverhalten pr\u00e4gt uns. Menschen sind Herdentiere, sie schu\u0308tzen und organisieren sich in Klassenverb\u00e4nden, Freizeitvereinen, in Staatengemeinschaften und Unionen. Was aber passiert, wenn der Einzelne die Gruppe verl\u00e4sst? Oder anders: Was, [&hellip;]<\/p>\n","protected":false},"author":296,"featured_media":50025,"template":"","meta":{"_acf_changed":false,"_et_pb_use_builder":"","_et_pb_old_content":"","_et_gb_content_width":"","_price":"","_stock":"","_tribe_ticket_header":"","_tribe_default_ticket_provider":"","_tribe_ticket_capacity":"0","_ticket_start_date":"","_ticket_end_date":"","_tribe_ticket_show_description":"","_tribe_ticket_show_not_going":false,"_tribe_ticket_use_global_stock":"","_tribe_ticket_global_stock_level":"","_global_stock_mode":"","_global_stock_cap":"","_tribe_rsvp_for_event":"","_tribe_ticket_going_count":"","_tribe_ticket_not_going_count":"","_tribe_tickets_list":"[]","_tribe_ticket_has_attendee_info_fields":false,"_tribe_events_status":"","_tribe_events_status_reason":"","_tribe_events_is_hybrid":"","_tribe_events_is_virtual":"","_tribe_events_virtual_video_source":"","_tribe_events_virtual_embed_video":"","_tribe_events_virtual_linked_button_text":"","_tribe_events_virtual_linked_button":"","_tribe_events_virtual_show_embed_at":"","_tribe_events_virtual_show_embed_to":[],"_tribe_events_virtual_show_on_event":"","_tribe_events_virtual_show_on_views":"","_tribe_events_virtual_url":"","footnotes":"","_tec_slr_enabled":"","_tec_slr_layout":""},"tags":[],"tribe_events_cat":[515,31,32,69],"class_list":["post-50024","tribe_events","type-tribe_events","status-publish","has-post-thumbnail","hentry","tribe_events_cat-familienvorstellung","tribe_events_cat-kindertheater","tribe_events_cat-tanz","tribe_events_cat-tanztheater","cat_familienvorstellung","cat_kindertheater","cat_tanz","cat_tanztheater"],"acf":[],"ticketed":false,"_links":{"self":[{"href":"https:\/\/freieszenemuc.de\/en\/wp-json\/wp\/v2\/tribe_events\/50024","targetHints":{"allow":["GET"]}}],"collection":[{"href":"https:\/\/freieszenemuc.de\/en\/wp-json\/wp\/v2\/tribe_events"}],"about":[{"href":"https:\/\/freieszenemuc.de\/en\/wp-json\/wp\/v2\/types\/tribe_events"}],"author":[{"embeddable":true,"href":"https:\/\/freieszenemuc.de\/en\/wp-json\/wp\/v2\/users\/296"}],"version-history":[{"count":2,"href":"https:\/\/freieszenemuc.de\/en\/wp-json\/wp\/v2\/tribe_events\/50024\/revisions"}],"predecessor-version":[{"id":50123,"href":"https:\/\/freieszenemuc.de\/en\/wp-json\/wp\/v2\/tribe_events\/50024\/revisions\/50123"}],"wp:featuredmedia":[{"embeddable":true,"href":"https:\/\/freieszenemuc.de\/en\/wp-json\/wp\/v2\/media\/50025"}],"wp:attachment":[{"href":"https:\/\/freieszenemuc.de\/en\/wp-json\/wp\/v2\/media?parent=50024"}],"wp:term":[{"taxonomy":"post_tag","embeddable":true,"href":"https:\/\/freieszenemuc.de\/en\/wp-json\/wp\/v2\/tags?post=50024"},{"taxonomy":"tribe_events_cat","embeddable":true,"href":"https:\/\/freieszenemuc.de\/en\/wp-json\/wp\/v2\/tribe_events_cat?post=50024"}],"curies":[{"name":"wp","href":"https:\/\/api.w.org\/{rel}","templated":true}]}}